{"id":16217,"date":"2015-09-21T11:43:53","date_gmt":"2015-09-21T09:43:53","guid":{"rendered":"https:\/\/www.holiday-taxi.at\/neu\/taxi-transfer-von-innsbruck-flughafen-nach-soelden-2\/"},"modified":"2022-05-06T19:44:11","modified_gmt":"2022-05-06T17:44:11","slug":"taxi-transfer-innsbruck-airport-to-soelden","status":"publish","type":"page","link":"https:\/\/www.holiday-taxi.at\/en\/taxi-transfer-innsbruck-airport-to-soelden\/","title":{"rendered":"Taxi &#038; transfer Innsbruck airport to S\u00f6lden"},"content":{"rendered":"<p>[vc_row bg_color=&#8221;#f9f9f9&#8243; top_padding=&#8221;60&#8243; bottom_padding=&#8221;60&#8243; bg_position=&#8221;left top&#8221;][vc_column width=&#8221;1\/1&#8243;]<h2 class=\"headline font-special fontsize-xxxl fontweight-600 lh-12 align-center transform-uppercase \" style=\"margin: 0 0 20px 0; color: #777777;\">Innsbruck Airport (INN) &#8211; S\u00f6lden \u20ac 172.-<\/p>\n<\/h2><div class=\"single_image wpb_content_element align-left    \" data-animation=\"none\" data-delay=\"0\"><img width=\"1160\" height=\"450\" src=\"https:\/\/www.holiday-taxi.at\/wp-content\/uploads\/2015\/09\/taxi-innsbruck-airport-soelden-1.jpg\" class=\"attachment-full\" alt=\"\" decoding=\"async\" loading=\"lazy\" srcset=\"https:\/\/www.holiday-taxi.at\/wp-content\/uploads\/2015\/09\/taxi-innsbruck-airport-soelden-1.jpg 1160w, https:\/\/www.holiday-taxi.at\/wp-content\/uploads\/2015\/09\/taxi-innsbruck-airport-soelden-1-300x116.jpg 300w, https:\/\/www.holiday-taxi.at\/wp-content\/uploads\/2015\/09\/taxi-innsbruck-airport-soelden-1-768x298.jpg 768w, https:\/\/www.holiday-taxi.at\/wp-content\/uploads\/2015\/09\/taxi-innsbruck-airport-soelden-1-1024x397.jpg 1024w, https:\/\/www.holiday-taxi.at\/wp-content\/uploads\/2015\/09\/taxi-innsbruck-airport-soelden-1-125x48.jpg 125w, https:\/\/www.holiday-taxi.at\/wp-content\/uploads\/2015\/09\/taxi-innsbruck-airport-soelden-1-75x29.jpg 75w\" sizes=\"(max-width: 1160px) 100vw, 1160px\" \/><\/div>[\/vc_column][\/vc_row][vc_row bg_color=&#8221;#f9f9f9&#8243; top_padding=&#8221;40&#8243; bottom_padding=&#8221;40&#8243;][vc_column width=&#8221;1\/4&#8243;][vc_column_text]<\/p>\n<p><img decoding=\"async\" loading=\"lazy\" class=\"alignnone wp-image-15835 size-full\" title=\"flughafen innsbruck soelden transport\" src=\"https:\/\/www.holiday-taxi.at\/wp-content\/uploads\/2015\/09\/flughafen-innsbruck-soelden-transport.png\" alt=\"flughafen innsbruck soelden transport\" width=\"153\" height=\"118\" srcset=\"https:\/\/www.holiday-taxi.at\/wp-content\/uploads\/2015\/09\/flughafen-innsbruck-soelden-transport.png 153w, https:\/\/www.holiday-taxi.at\/wp-content\/uploads\/2015\/09\/flughafen-innsbruck-soelden-transport-125x96.png 125w, https:\/\/www.holiday-taxi.at\/wp-content\/uploads\/2015\/09\/flughafen-innsbruck-soelden-transport-75x58.png 75w\" sizes=\"(max-width: 153px) 100vw, 153px\" \/><\/p>\n<p>[\/vc_column_text][\/vc_column][vc_column width=&#8221;3\/4&#8243;][vc_column_text]<\/p>\n<p>Didn\u2019t book a <strong>transfer from Innsbruck airport to<\/strong> the worldfamous ski area <strong>S\u00f6lden<\/strong> yet and looking for a fast, secure and comfortable <strong>taxi<\/strong> that will take you <strong>to<\/strong> your dream vacation at <strong>S\u00f6lden<\/strong>? No problem for us, we stand to your service 24 hours and seven days a week, just call us. At the skiing area of S\u00f6lden at \u00d6tztal no wish keeps unfulfilled on the ski slopes with an entire length of 145,5 kilometers and 33 platter lifts. The world cup location S\u00f6lden offers absolute snow guarantee from October to May as well as first-class Hotels, catering and a blooming night life.<\/p>\n<p>[\/vc_column_text][\/vc_column][\/vc_row][vc_row top_padding=&#8221;30&#8243; bottom_padding=&#8221;30&#8243;][vc_column width=&#8221;1\/1&#8243;][vc_column_text]<\/p>\n<style type=\"text\/css\">\r\n       .errordiv { padding:10px; margin:10px; border: 1px solid #555555;color: #000000;background-color: #f8f8f8; width:500px; }#advanced_iframe {visibility:visible;opacity:1;}#ai-layer-div-advanced_iframe p {height:100%;margin:0;padding:0}#ai-div-container-advanced_iframe\r\n       { \r\n           position: relative;\r\n           width: 100%; max-width: 100%;}\r\n       #ai-div-loader-advanced_iframe\r\n       {\r\n          position: absolute;\r\n          z-index:1000;\r\n          margin-left:-33px;\r\n          left: 50%;   top: 150px;\r\n         }#ai-div-loader-advanced_iframe img\r\n       {\r\n          border: none;\r\n       }<\/style><script type=\"text\/javascript\">   var ai_iframe_width_advanced_iframe = 0;   var ai_iframe_height_advanced_iframe = 0;var aiIsIe8=false;\r\nif (typeof aiReadyCallbacks === 'undefined') {\r\n    var aiReadyCallbacks = [];  \r\n} else if (!(aiReadyCallbacks instanceof Array)) {\r\n    var aiReadyCallbacks = [];\r\n}var onloadFiredadvanced_iframe = false;     function aiShowIframe() { jQuery(\"#advanced_iframe\").css(\"visibility\", \"visible\");    }    function aiShowIframeId(id_iframe) { jQuery(\"#\"+id_iframe).css(\"visibility\", \"visible\");    }    function aiResizeIframeHeight(height) { aiResizeIframeHeight(height,advanced_iframe); }    function aiResizeIframeHeightId(height,width,id) {aiResizeIframeHeightById(id,height);}<\/script><div id=\"ai-div-container-advanced_iframe\"><div id=\"ai-div-loader-advanced_iframe\"><img src=\"https:\/\/www.holiday-taxi.at\/wp-content\/plugins\/advanced-iframe\/img\/loader.gif\" width=\"66\" height=\"66\" title=\"Loading\" alt=\"Loading\"><\/div><iframe id='advanced_iframe'  name='advanced_iframe'  src='\/neu\/booking\/form_enorte.php?fromid=IA&amp;toid=212&amp;pax=4&amp;yon=1'  width='100%'  scrolling='no'  frameborder='0'  border='0'  allowtransparency='true'  style='max-width:100%;'  onload=';jQuery(&quot;#ai-div-loader-advanced_iframe&quot;).hide();;aiResizeIframe(this, &quot;false&quot;,&quot;1&quot;);' ><\/iframe><\/div><script type=\"text\/javascript\">\r\n          var ifrm_advanced_iframe = document.getElementById(\"advanced_iframe\");var hiddenTabsDoneadvanced_iframe = false;\r\nfunction resizeCallbackadvanced_iframe() {}function aiChangeUrl(loc) {}<\/script><script type=\"text\/javascript\">\r\n        var recalculateIframeResizeadvanced_iframe = 0;\r\n        var recalculateIframeOrientationchangeadvanced_iframe = 0;\r\n        function recalculateIframeadvanced_iframe() {\r\n          clearTimeout(recalculateIframeResizeadvanced_iframe);\r\n          clearTimeout(recalculateIframeOrientationchangeadvanced_iframe);aiResizeIframe(ifrm_advanced_iframe, \"false\",\"1\");}  \r\n        function initResponsiveIframeadvanced_iframe() {\r\n          jQuery(window).resize(function() {\r\n             recalculateIframeResize = window.setTimeout(\"recalculateIframeadvanced_iframe()\",100);\r\n          });\r\n          if (window.addEventListener) {\r\n            window.addEventListener(\"orientationchange\", function() {\r\n               recalculateIframeOrientationchange = window.setTimeout(\"recalculateIframeadvanced_iframe()\",100);\r\n            }, false);\r\n          }\r\n        }\r\n        aiReadyCallbacks.push(initResponsiveIframeadvanced_iframe);\r\n        <\/script>\n<p>[\/vc_column_text][\/vc_column][\/vc_row][vc_row bg_color=&#8221;#333333&#8243; section_arrow=&#8221;false&#8221;][vc_column width=&#8221;1\/1&#8243;][vc_column_text]<p>[vc_row bg_color=\"#333333\" section_arrow=\"false\" text_color=\"light\" top_padding=\"100\" bottom_padding=\"60\" bg_position=\"left top\"][vc_column width=\"1\/1\"]<h3 class=\"headline font-special fontsize-xl fontweight-inherit lh-inherit align-center transform-uppercase ls-1\" style=\"margin: 0 0 20px 0;\">TAXI SERVICE FROM INNSBRUCK AIRPORT TO A WIDE VARIETY OF LOCATIONS<\/p>\r\n<p><\/h3>[vc_column_text]<\/p>\r\n<p style=\"text-align: center;\">We guarantee the lowest transfers price from Innsbruck Airport.<\/p>\r\n<p>[\/vc_column_text][\/vc_column][\/vc_row][vc_row bg_color=\"#333333\" text_align=\"center\" bottom_padding=\"60\" bg_position=\"left top\"][vc_column width=\"1\/4\"]<div class=\"imagebox wpb_content_element style-2\"><img class=\"alignnone wp-image-15528 size-full\" title=\"Transfer von Innsbruck nach Ischgl\" src=\"https:\/\/www.holiday-taxi.at\/wp-content\/uploads\/2014\/07\/ischgl.png\" alt=\"ischgl\" width=\"153\" height=\"118\" \/><\/p>\r\n<p>Innsbruck Airport<br \/>Ischgl<br \/>max. 8 persons per vehicle<\/p>\r\n<p><h3 class=\"headline font-special fontsize-xxl fontweight-800 lh-inherit align-center transform-uppercase \" style=\"margin: 0 0 0 0; color: #1cbac8;\">\u20ac 149,-<\/h3><\/p>\r\n<p><a href=\"\/en\/taxi-transfer-innsbruck-airport-ischgl\/\" target=\"_self\" class=\"button color-3 medium \" style=\"border-radius: 2px;\">BOOK NOW<\/a><\/div>[\/vc_column][vc_column width=\"1\/4\"]<div class=\"imagebox wpb_content_element style-2\"><img class=\"alignnone wp-image-15530 size-full\" title=\"Transfer von Innsbruck nach Lech - Z\u00fcrs am Arlberg\" src=\"https:\/\/www.holiday-taxi.at\/wp-content\/uploads\/2014\/07\/lech-zuers.png\" alt=\"lech-zuers\" width=\"153\" height=\"118\" \/><\/p>\r\n<p>Innsbruck Airport<br \/>Lech am Arlberg<br \/>max. 8 persons per vehicle<\/p>\r\n<p><h3 class=\"headline font-special fontsize-xxl fontweight-800 lh-inherit align-center transform-uppercase \" style=\"margin: 0 0 0 0; color: #1cbac8;\">\u20ac 189,-<\/h3><\/p>\r\n<p><a href=\"\/en\/taxi-transfer-innsbruck-airport-to-lech\/\" target=\"_self\" class=\"button color-3 medium \" style=\"border-radius: 2px;\">BOOK NOW<\/a><\/div>[\/vc_column][vc_column width=\"1\/4\"]<div class=\"imagebox wpb_content_element style-2\"><img class=\"alignnone wp-image-15531 size-full\" title=\"Transfer von Innsbruck nach Obergurgl\" src=\"https:\/\/www.holiday-taxi.at\/wp-content\/uploads\/2014\/07\/obergurgel.png\" alt=\"obergurgel\" width=\"153\" height=\"118\" \/><\/p>\r\n<p>Innsbruck Airport<br \/>Obergurgl<br \/>max. 8 persons per vehicle<\/p>\r\n<p><h3 class=\"headline font-special fontsize-xxl fontweight-800 lh-inherit align-center transform-uppercase \" style=\"margin: 0 0 0 0; color: #1cbac8;\">\u20ac 149,-<\/h3><\/p>\r\n<p><a href=\"\/en\/taxi-transfer-innsbruck-airport-to-obergurgl\/\" target=\"_self\" class=\"button color-3 medium \" style=\"border-radius: 2px;\">BOOK NOW<\/a><\/div>[\/vc_column][vc_column width=\"1\/4\"]<div class=\"imagebox wpb_content_element style-2\"><img class=\"alignnone wp-image-15532 size-full\" title=\"Transfer von Innsbruck nach Mayrhofen\" src=\"https:\/\/www.holiday-taxi.at\/wp-content\/uploads\/2014\/07\/mayrhofen.png\" alt=\"mayrhofen\" width=\"153\" height=\"118\" \/><\/p>\r\n<p>Innsbruck Airport<br \/>Mayrhofen<br \/>max. 8 persons per vehicle<\/p>\r\n<p><h3 class=\"headline font-special fontsize-xxl fontweight-800 lh-inherit align-center transform-uppercase \" style=\"margin: 0 0 0 0; color: #1cbac8;\">\u20ac 125,-<\/h3><\/p>\r\n<p><a href=\"\/en\/taxi-transfer-innsbruck-airport-mayrhofen\/\" target=\"_self\" class=\"button color-3 medium \" style=\"border-radius: 2px;\">BOOK NOW<\/a><\/div>[\/vc_column][\/vc_row][vc_row bg_color=\"#333333\" text_align=\"center\" bottom_padding=\"60\" bg_position=\"left top\"][vc_column width=\"1\/4\"]<div class=\"imagebox wpb_content_element style-2\"><img class=\"alignnone size-full wp-image-15693\" src=\"https:\/\/www.holiday-taxi.at\/wp-content\/uploads\/2014\/07\/servaus-fiss-ladi.png\" alt=\"servaus fiss ladi\" width=\"153\" height=\"118\" \/><\/p>\r\n<p>Innsbruck Airport<br \/>Serfaus<br \/>max. 8 persons per vehicle<\/p>\r\n<p><h3 class=\"headline font-special fontsize-xxl fontweight-800 lh-inherit align-center transform-uppercase \" style=\"margin: 0 0 0 0; color: #1cbac8;\">\u20ac 159,-<\/h3><\/p>\r\n<p><a href=\"\/en\/taxi-transfer-innsbruck-airport-serfaus\/\" target=\"_self\" class=\"button color-3 medium \" style=\"border-radius: 2px;\">BOOK NOW<\/a><\/div>[\/vc_column][vc_column width=\"1\/4\"]<div class=\"imagebox wpb_content_element style-2\"><img class=\"alignnone size-full wp-image-15694\" src=\"https:\/\/www.holiday-taxi.at\/wp-content\/uploads\/2014\/07\/logo-soelden.png\" alt=\"s\u00f6lden\" width=\"153\" height=\"118\" \/><\/p>\r\n<p>Innsbruck Airport<br \/>S\u00f6lden<br \/>max. 8 persons per vehicle<\/p>\r\n<p><h3 class=\"headline font-special fontsize-xxl fontweight-800 lh-inherit align-center transform-uppercase \" style=\"margin: 0 0 0 0; color: #1cbac8;\">\u20ac 129,-<\/h3><\/p>\r\n<p><a href=\"\/en\/taxi-transfer-innsbruck-airport-to-soelden\/\" target=\"_self\" class=\"button color-3 medium \" style=\"border-radius: 2px;\">BOOK NOW<\/a><\/div>[\/vc_column][vc_column width=\"1\/4\"]<div class=\"imagebox wpb_content_element style-2\"><img class=\"alignnone wp-image-15752 size-full\" title=\"st anton am arlberg\" src=\"https:\/\/www.holiday-taxi.at\/wp-content\/uploads\/2014\/07\/st-anton-am-arlberg.png\" alt=\"st anton am arlberg\" width=\"153\" height=\"118\" \/><\/p>\r\n<p>Innsbruck Airport<br \/>St. Anton<br \/>max. 8 persons per vehicle<\/p>\r\n<p><h3 class=\"headline font-special fontsize-xxl fontweight-800 lh-inherit align-center transform-uppercase \" style=\"margin: 0 0 0 0; color: #1cbac8;\">\u20ac 145,-<\/h3><\/p>\r\n<p><a href=\"\/en\/taxi-transfer-innsbruck-airport-to-st-anton-am-arlberg\/\" target=\"_self\" class=\"button color-3 medium \" style=\"border-radius: 2px;\">BOOK NOW<\/a><\/div>[\/vc_column][vc_column width=\"1\/4\"]<div class=\"imagebox wpb_content_element style-2\"><img class=\"alignnone size-full wp-image-15696\" src=\"https:\/\/www.holiday-taxi.at\/wp-content\/uploads\/2014\/07\/gerlos.png\" alt=\"Gerlos\" width=\"153\" height=\"118\" \/><\/p>\r\n<p>Innsbruck Airport<br \/>Gerlos<br \/>max. 8 persons per vehicle<\/p>\r\n<p><h3 class=\"headline font-special fontsize-xxl fontweight-800 lh-inherit align-center transform-uppercase \" style=\"margin: 0 0 0 0; color: #1cbac8;\">\u20ac 129,-<\/h3><\/p>\r\n<p><a href=\"\/en\/taxi-transfer-innsbruck-airport-gerlos\/\" target=\"_self\" class=\"button color-3 medium \" style=\"border-radius: 2px;\">BOOK NOW<\/a><\/div>[\/vc_column][\/vc_row][vc_row bg_color=\"#333333\" text_align=\"center\" bottom_padding=\"60\" bg_position=\"left top\"][vc_column width=\"1\/4\"]<div class=\"imagebox wpb_content_element style-2\"><img class=\"alignnone size-full wp-image-15697\" src=\"https:\/\/www.holiday-taxi.at\/wp-content\/uploads\/2014\/07\/kitzbuehel.png\" alt=\"Kitzb\u00fchel\" width=\"153\" height=\"118\" \/><\/p>\r\n<p>Innsbruck Airport<br \/>Kitzb\u00fchel<br \/>max. 8 persons per vehicle<\/p>\r\n<p><h3 class=\"headline font-special fontsize-xxl fontweight-800 lh-inherit align-center transform-uppercase \" style=\"margin: 0 0 0 0; color: #1cbac8;\">\u20ac 149,-<\/h3><\/p>\r\n<p><a href=\"\/en\/taxi-transfer-innsbruck-airport-to-kitzbuehel\/\" target=\"_self\" class=\"button color-3 medium \" style=\"border-radius: 2px;\">BOOK NOW<\/a><\/div>[\/vc_column][vc_column width=\"1\/4\"]<div class=\"imagebox wpb_content_element style-2\"><img class=\"alignnone size-full wp-image-15698\" src=\"https:\/\/www.holiday-taxi.at\/wp-content\/uploads\/2014\/07\/flughafen-muenschen-innsbruck.png\" alt=\"Flughafen M\u00fcnchen\" width=\"153\" height=\"118\" \/><\/p>\r\n<p>Innsbruck<br \/>Flughafen M\u00fcnchen<br \/>max. 8 persons per vehicle<\/p>\r\n<p><h3 class=\"headline font-special fontsize-xxl fontweight-800 lh-inherit align-center transform-uppercase \" style=\"margin: 0 0 0 0; color: #1cbac8;\">\u20ac 299,-<\/h3><\/p>\r\n<p><a href=\"\/en\/taxi-transfer-innsbruck-munich-airport\/\" target=\"_self\" class=\"button color-3 medium \" style=\"border-radius: 2px;\">BOOK NOW<\/a><\/div>[\/vc_column][vc_column width=\"1\/4\"]<div class=\"imagebox wpb_content_element style-2\"><img class=\"alignnone size-full wp-image-15701\" src=\"https:\/\/www.holiday-taxi.at\/wp-content\/uploads\/2014\/07\/wolkenstein.png\" alt=\"Val Gardena\" width=\"153\" height=\"118\" \/><\/p>\r\n<p>Innsbruck Airport<br \/>Val Gardena<br \/>max. 8 persons per vehicle<\/p>\r\n<p><h3 class=\"headline font-special fontsize-xxl fontweight-800 lh-inherit align-center transform-uppercase \" style=\"margin: 0 0 0 0; color: #1cbac8;\">\u20ac 199,-<\/h3><\/p>\r\n<p><a href=\"\/en\/taxi-transfer-innsbruck-airport-to-selva-di-val-gardena-wolkenstein\/\" target=\"_self\" class=\"button color-3 medium \" style=\"border-radius: 2px;\">BOOK NOW<\/a><\/div>[\/vc_column][vc_column width=\"1\/4\"]<div class=\"imagebox wpb_content_element style-2\"><img class=\"alignnone size-full wp-image-15702\" src=\"https:\/\/www.holiday-taxi.at\/wp-content\/uploads\/2014\/07\/canazei.png\" alt=\"canazei\" width=\"153\" height=\"118\" \/><\/p>\r\n<p>Innsbruck Airport<br \/>Canazei<br \/>max. 8 persons per vehicle<\/p>\r\n<p><h3 class=\"headline font-special fontsize-xxl fontweight-800 lh-inherit align-center transform-uppercase \" style=\"margin: 0 0 0 0; color: #1cbac8;\">\u20ac 239,-<\/h3><\/p>\r\n<p><a href=\"\/en\/taxi-transfer-innsbruck-airport-canazei\/\" target=\"_self\" class=\"button color-3 medium \" style=\"border-radius: 2px;\">BOOK NOW<\/a><\/div>[\/vc_column][\/vc_row][vc_row bg_color=\"#333333\" text_align=\"center\" bottom_padding=\"60\" bg_position=\"left top\"][vc_column width=\"1\/4\"]<div class=\"imagebox wpb_content_element style-2\"><img class=\"alignnone size-full wp-image-15703\" src=\"https:\/\/www.holiday-taxi.at\/wp-content\/uploads\/2014\/07\/Koenigsleiten.png\" alt=\"K\u00f6nigsleiten\" width=\"153\" height=\"118\" \/><\/p>\r\n<p>Innsbruck Airport<br \/>K\u00f6nigsleiten<br \/>max. 8 persons per vehicle<\/p>\r\n<p><h3 class=\"headline font-special fontsize-xxl fontweight-800 lh-inherit align-center transform-uppercase \" style=\"margin: 0 0 0 0; color: #1cbac8;\">\u20ac 149,-<\/h3><\/p>\r\n<p><a href=\"\/en\/taxi-transfer-innsbruck-airport-koenigsleiten\/\" target=\"_self\" class=\"button color-3 medium \" style=\"border-radius: 2px;\">BOOK NOW<\/a><\/div>[\/vc_column][vc_column width=\"1\/4\"]<div class=\"imagebox wpb_content_element style-2\"><img class=\"alignnone wp-image-15704 size-full\" title=\"ortisei\" src=\"https:\/\/www.holiday-taxi.at\/wp-content\/uploads\/2014\/07\/ortisei.png\" alt=\"ortisei\" width=\"153\" height=\"118\" \/><\/p>\r\n<p>Innsbruck Airport<br \/>Ortisei<br \/>max. 8 persons per vehicle<\/p>\r\n<p><h3 class=\"headline font-special fontsize-xxl fontweight-800 lh-inherit align-center transform-uppercase \" style=\"margin: 0 0 0 0; color: #1cbac8;\">\u20ac 185,-<\/h3><\/p>\r\n<p><a href=\"\/en\/taxi-transfer-innsbruck-airport-ortisei-st-ulrich\/\" target=\"_self\" class=\"button color-3 medium \" style=\"border-radius: 2px;\">BOOK NOW<\/a><\/div>[\/vc_column][vc_column width=\"1\/4\"]<div class=\"imagebox wpb_content_element style-2\"><img class=\"alignnone size-full wp-image-15705\" src=\"https:\/\/www.holiday-taxi.at\/wp-content\/uploads\/2014\/07\/cortina.png\" alt=\"cortina\" width=\"153\" height=\"118\" \/><\/p>\r\n<p>Innsbruck Airport<br \/>Cortina<br \/>max. 8 persons per vehicle<\/p>\r\n<p><h3 class=\"headline font-special fontsize-xxl fontweight-800 lh-inherit align-center transform-uppercase \" style=\"margin: 0 0 0 0; color: #1cbac8;\">\u20ac 269,-<\/h3><\/p>\r\n<p><a href=\"\/onlinebuchung\/\" target=\"_self\" class=\"button color-3 medium \" style=\"border-radius: 2px;\">BOOK NOW<\/a><\/div>[\/vc_column][vc_column width=\"1\/4\"]<div class=\"imagebox wpb_content_element style-2\"><img class=\"alignnone wp-image-15753 size-full\" title=\"westendorf\" src=\"https:\/\/www.holiday-taxi.at\/wp-content\/uploads\/2014\/07\/westendorf.png\" alt=\"westendorf\" width=\"153\" height=\"118\" \/><\/p>\r\n<p>Innsbruck Airport<br \/>Westendorf<br \/>max. 8 persons per vehicle<\/p>\r\n<p><h3 class=\"headline font-special fontsize-xxl fontweight-800 lh-inherit align-center transform-uppercase \" style=\"margin: 0 0 0 0; color: #1cbac8;\">\u20ac 129,-<\/h3><\/p>\r\n<p><a href=\"\/en\/taxi-transfer-innsbruck-airport-westendorf\/\" target=\"_self\" class=\"button color-3 medium \" style=\"border-radius: 2px;\">BOOK NOW<\/a><\/div>[\/vc_column][\/vc_row]<\/p>[\/vc_column_text][\/vc_column][\/vc_row][vc_row bg_color=&#8221;#ffffff&#8221; top_padding=&#8221;50&#8243; bottom_padding=&#8221;100&#8243; bg_position=&#8221;left top&#8221;][vc_column width=&#8221;1\/1&#8243;]<h3 class=\"headline font-special fontsize-l fontweight-700 lh-inherit align-center transform-uppercase ls-1\" style=\"margin: 0 0 20px 0;\">CUSTOMERS REVIEWS<\/p>\n<\/h3>[vc_column_text]<\/p>\n<p>[show-testimonials orderby=&#8217;menu_order&#8217; order=&#8217;ASC&#8217; layout=&#8217;slider&#8217; options=&#8217;transition:vertical,adaptive:false,controls:pager,pause:4000,auto:on,columns:1,theme:card,info-position:info-below,text-alignment:center,rating:on,quote-content:short,charlimitextra: (&#8230;),image-size:ttshowcase_small,image-shape:circle,image-effect:none,image-link:on,richsnippets:false&#8217;]<\/p>\n<p>[\/vc_column_text][\/vc_column][\/vc_row][vc_row type=&#8221;full_width_section&#8221;][vc_column width=&#8221;1\/1&#8243;]<div class=\"callout clearfix\" style=\"background-color:#1cbac8; color:#ffffff;\">\n\t\t<div class=\"callout-text\">\n<p>You couldn&#8217;t find a suitable transfer?<\/p>\n<\/div>\n\t\t\t<div class=\"callout-button\"><a class=\"button medium color-6\" href=\"\/en\/contact-2\/\" target=\"_self\">Contact<\/a><\/div>\n\t\t<\/div>[\/vc_column][\/vc_row]<\/p>\n","protected":false},"excerpt":{"rendered":"<p>[vc_row bg_color=&#8221;#f9f9f9&#8243; top_padding=&#8221;60&#8243; bottom_padding=&#8221;60&#8243; bg_position=&#8221;left top&#8221;][vc_column width=&#8221;1\/1&#8243;][\/vc_column][\/vc_row][vc_row bg_color=&#8221;#f9f9f9&#8243; top_padding=&#8221;40&#8243; bottom_padding=&#8221;40&#8243;][vc_column width=&#8221;1\/4&#8243;][vc_column_text] [\/vc_column_text][\/vc_column][vc_column width=&#8221;3\/4&#8243;][vc_column_text] Didn\u2019t book a transfer from Innsbruck airport to the worldfamous ski area S\u00f6lden yet and looking for a fast, secure and comfortable taxi that will take you to your dream vacation at S\u00f6lden? No problem for us, we stand to your service 24 hours and seven days a week, just call us. At the skiing area of S\u00f6lden at \u00d6tztal no wish keeps unfulfilled on the ski slopes with an entire length of 145,5 kilometers and 33 platter lifts. The world cup location S\u00f6lden offers absolute snow guarantee from October to May as well as first-class Hotels, catering and a blooming night life. [\/vc_column_text][\/vc_column][\/vc_row][vc_row top_padding=&#8221;30&#8243; bottom_padding=&#8221;30&#8243;][vc_column width=&#8221;1\/1&#8243;][vc_column_text] [\/vc_column_text][\/vc_column][\/vc_row][vc_row bg_color=&#8221;#333333&#8243; section_arrow=&#8221;false&#8221;][vc_column width=&#8221;1\/1&#8243;][vc_column_text][\/vc_column_text][\/vc_column][\/vc_row][vc_row bg_color=&#8221;#ffffff&#8221; top_padding=&#8221;50&#8243; bottom_padding=&#8221;100&#8243; bg_position=&#8221;left top&#8221;][vc_column width=&#8221;1\/1&#8243;][vc_column_text] [show-testimonials orderby=&#8217;menu_order&#8217; order=&#8217;ASC&#8217; layout=&#8217;slider&#8217; options=&#8217;transition:vertical,adaptive:false,controls:pager,pause:4000,auto:on,columns:1,theme:card,info-position:info-below,text-alignment:center,rating:on,quote-content:short,charlimitextra: (&#8230;),image-size:ttshowcase_small,image-shape:circle,image-effect:none,image-link:on,richsnippets:false&#8217;] [\/vc_column_text][\/vc_column][\/vc_row][vc_row type=&#8221;full_width_section&#8221;][vc_column width=&#8221;1\/1&#8243;][\/vc_column][\/vc_row]<\/p>\n","protected":false},"author":1,"featured_media":0,"parent":0,"menu_order":0,"comment_status":"closed","ping_status":"closed","template":"","meta":[],"_links":{"self":[{"href":"https:\/\/www.holiday-taxi.at\/en\/wp-json\/wp\/v2\/pages\/16217\/"}],"collection":[{"href":"https:\/\/www.holiday-taxi.at\/en\/wp-json\/wp\/v2\/pages\/"}],"about":[{"href":"https:\/\/www.holiday-taxi.at\/en\/wp-json\/wp\/v2\/types\/page\/"}],"author":[{"embeddable":true,"href":"https:\/\/www.holiday-taxi.at\/en\/wp-json\/wp\/v2\/users\/1\/"}],"replies":[{"embeddable":true,"href":"https:\/\/www.holiday-taxi.at\/en\/wp-json\/wp\/v2\/comments\/?post=16217"}],"version-history":[{"count":0,"href":"https:\/\/www.holiday-taxi.at\/en\/wp-json\/wp\/v2\/pages\/16217\/revisions\/"}],"wp:attachment":[{"href":"https:\/\/www.holiday-taxi.at\/en\/wp-json\/wp\/v2\/media\/?parent=16217"}],"curies":[{"name":"wp","href":"https:\/\/api.w.org\/{rel}","templated":true}]}}